{"id":9,"date":"2015-02-04T10:32:32","date_gmt":"2015-02-04T10:32:32","guid":{"rendered":"http:\/\/www.socialchangeswitzerland.ch\/?page_id=9"},"modified":"2025-02-11T17:21:31","modified_gmt":"2025-02-11T15:21:31","slug":"editorial-board","status":"publish","type":"page","link":"https:\/\/www.socialchangeswitzerland.ch\/?page_id=9","title":{"rendered":"Editorial board"},"content":{"rendered":"<h3><strong>Editeur responsable \/ Verantwortlicher Herausgeber<br \/>\n<\/strong><\/h3>\n<p><a href=\"http:\/\/people.unil.ch\/danieloesch\/\" target=\"_blank\" rel=\"noopener noreferrer\">Daniel Oesch<\/a>, Professeur au Centre LIVES, Universit\u00e9 de Lausanne<\/p>\n<h3>C<strong>omit\u00e9 \u00e9ditorial \/ Herausgebergremium<\/strong><\/h3>\n<p><a href=\"https:\/\/applicationspub.unil.ch\/interpub\/noauth\/php\/Un\/UnPers.php?PerNum=1025622&amp;LanCode=8\" target=\"_blank\" rel=\"noopener noreferrer\">Felix B\u00fchlmann<\/a>, Professeur au Centre LIVES, Universit\u00e9 de Lausanne<\/p>\n<p><a href=\"https:\/\/applicationspub.unil.ch\/interpub\/noauth\/php\/Un\/UnPers.php?PerNum=8278&amp;LanCode=37\" target=\"_blank\" rel=\"noopener noreferrer\">Dominique Joye<\/a>, Professeur \u00e9m\u00e9rite au Centre LIVES, Universit\u00e9 de Lausanne<\/p>\n<p><a href=\"https:\/\/forscenter.ch\/staff\/ursina-kuhn\/\">Ursina Kuhn<\/a>,\u00a0 Chercheuse, FORS<\/p>\n<p><a href=\"https:\/\/forscenter.ch\/staff\/monika-vettovaglia\/\" target=\"_blank\" rel=\"noopener noreferrer\">Monika Vettovaglia<\/a>, Charg\u00e9e de communication, FORS<\/p>\n<p><a href=\"https:\/\/forscenter.ch\/staff\/boris-wernli\/\" target=\"_blank\" rel=\"noopener noreferrer\">Boris Wernli<\/a>, Head of surveys, FORS<\/p>\n<p><a href=\"https:\/\/edpub.unil.ch\/interpub\/noauth\/php\/Un\/UnPers.php?PerNum=1253914&amp;LanCode=8\">Gina-Julia Westenberger,<\/a> Assistante au Centre LIVES, Universit\u00e9 de Lausanne<\/p>\n","protected":false},"excerpt":{"rendered":"<p>Editeur responsable \/ Verantwortlicher Herausgeber Daniel Oesch, Professeur au Centre LIVES, Universit\u00e9 de Lausanne Comit\u00e9 \u00e9ditorial \/ Herausgebergremium Felix B\u00fchlmann, Professeur au Centre LIVES, Universit\u00e9 de Lausanne Dominique Joye, Professeur \u00e9m\u00e9rite au Centre LIVES, Universit\u00e9 de Lausanne Ursina Kuhn,\u00a0 Chercheuse, FORS Monika Vettovaglia, Charg\u00e9e de communication, FORS Boris Wernli, Head of surveys, FORS Gina-Julia Westenberger, [&hellip;]<\/p>\n","protected":false},"author":1,"featured_media":0,"parent":0,"menu_order":40,"comment_status":"closed","ping_status":"closed","template":"","meta":{"_acf_changed":false,"footnotes":""},"class_list":["post-9","page","type-page","status-publish","hentry"],"acf":[],"_links":{"self":[{"href":"https:\/\/www.socialchangeswitzerland.ch\/index.php?rest_route=\/wp\/v2\/pages\/9","targetHints":{"allow":["GET"]}}],"collection":[{"href":"https:\/\/www.socialchangeswitzerland.ch\/index.php?rest_route=\/wp\/v2\/pages"}],"about":[{"href":"https:\/\/www.socialchangeswitzerland.ch\/index.php?rest_route=\/wp\/v2\/types\/page"}],"author":[{"embeddable":true,"href":"https:\/\/www.socialchangeswitzerland.ch\/index.php?rest_route=\/wp\/v2\/users\/1"}],"replies":[{"embeddable":true,"href":"https:\/\/www.socialchangeswitzerland.ch\/index.php?rest_route=%2Fwp%2Fv2%2Fcomments&post=9"}],"version-history":[{"count":17,"href":"https:\/\/www.socialchangeswitzerland.ch\/index.php?rest_route=\/wp\/v2\/pages\/9\/revisions"}],"predecessor-version":[{"id":4370,"href":"https:\/\/www.socialchangeswitzerland.ch\/index.php?rest_route=\/wp\/v2\/pages\/9\/revisions\/4370"}],"wp:attachment":[{"href":"https:\/\/www.socialchangeswitzerland.ch\/index.php?rest_route=%2Fwp%2Fv2%2Fmedia&parent=9"}],"curies":[{"name":"wp","href":"https:\/\/api.w.org\/{rel}","templated":true}]}}